{"id":215,"date":"2025-01-20T17:27:52","date_gmt":"2025-01-20T17:27:52","guid":{"rendered":"https:\/\/friendsbigband.hu\/?page_id=215"},"modified":"2025-02-27T10:32:47","modified_gmt":"2025-02-27T10:32:47","slug":"rolunk","status":"publish","type":"page","link":"https:\/\/friendsbigband.hu\/index.php\/rolunk\/","title":{"rendered":"R\u00f3lunk"},"content":{"rendered":"<div id=\"pl-215\"  class=\"panel-layout\" ><div id=\"pg-215-0\"  class=\"panel-grid panel-has-style\" ><div class=\"siteorigin-panels-stretch panel-row-style panel-row-style-for-215-0\" data-stretch-type=\"full-width-stretch\" ><div id=\"pgc-215-0-0\"  class=\"panel-grid-cell\" ><div id=\"panel-215-0-0-0\" class=\"so-panel widget widget_text panel-first-child\" data-index=\"0\" >\t\t\t<div class=\"textwidget\"><p align=\"left\"><span style=\"color: #000000;\"><span style=\"font-family: Arial, sans-serif;\"><span style=\"font-size: medium;\">A zenekar 1998. november\u00e9ben alakult meg hivat\u00e1sos \u00e9s amat\u0151r zen\u00e9szekb\u0151l. Akkor az alakul\u00f3 csapatot a Harm\u00f3nia M\u0171v\u00e9szeti Iskola vette p\u00e1rtfog\u00e1sba, ez\u00e9rt a zenekart Harm\u00f3nia Big Band n\u00e9ven ismerhette meg a k\u00f6z\u00f6ns\u00e9g. Ezt a kapcsolatot felbontottuk, \u00e9s 2000. janu\u00e1rj\u00e1t\u00f3l \u00f6n\u00e1ll\u00f3an, Friends Big Band n\u00e9ven \u00e1llunk sz\u00ednpadra.<\/span><\/span><\/span><span style=\"color: #000000;\"><span style=\"font-family: Arial, sans-serif;\"><span style=\"font-size: medium;\"><br \/>\nA t\u00e9ny, hogy nem mindenki hivat\u00e1sszer\u0171en zen\u00e9l, nem akad\u00e1lyoz minket a munk\u00e1ban, s\u0151t, kiv\u00e1l\u00f3an tudunk egy\u00fctt dolgozni! A zenekar \u00faj nev\u00e9nek megv\u00e1laszt\u00e1sakor \u00e9pp ez a j\u00f3, \u00e9s bar\u00e1ti kapcsolat volt a d\u00f6nt\u0151, ez\u00e9rt v\u00e1lasztottuk az angol <strong>&#8222;friends&#8221;<\/strong> sz\u00f3t, ami bar\u00e1tokat jelent. \u00dagy \u00e9rezz\u00fck, az egy\u00fctt zen\u00e9l\u00e9sben ez az els\u0151dleges felt\u00e9tel ahhoz, hogy hossz\u00fat\u00e1von meg tudjuk \u0151rizni a kapcsolatunkat.<\/span><\/span><\/span><\/p>\n<p align=\"left\"><span style=\"color: #000000;\"><span style=\"font-family: Arial, sans-serif;\"><span style=\"font-size: medium;\">Els\u0151 fell\u00e9p\u00e9s\u00fcnket k\u00f6vet\u0151en \u00e1lland\u00f3 r\u00e9sztvev\u0151i lett\u00fcnk Gy\u0151r \u00e9s a k\u00f6rnyez\u0151 telep\u00fcl\u00e9sek k\u00fcl\u00f6nf\u00e9le rendezv\u00e9nyeinek. Tal\u00e1n nem szer\u00e9nytelens\u00e9g azt mondani, hogy mindenhol sikert aratott a produkci\u00f3nk, ami sok mindennek k\u00f6sz\u00f6nhet\u0151, de legf\u0151k\u00e9pp annak a sok sz\u00ednvonalas \u00e9s odaad\u00f3 munk\u00e1nak, ami az\u00f3ta is jellemzi a zenekar \u00e9let\u00e9t.<\/span><\/span><\/span><\/p>\n<p align=\"left\"><span style=\"color: #000000;\"><span style=\"font-family: Arial, sans-serif;\"><span style=\"font-size: medium;\">Az els\u0151 igazi \u00e1tt\u00f6r\u00e9st a 2000. febru\u00e1r 24-\u00e9n tartott farsangi koncert\u00fcnk hozta, ahol is a V\u00e1rosh\u00e1za D\u00edszterme zs\u00fafol\u00e1sig megtelt! Sz\u00e1munkra ez volt az els\u0151 igazi visszajelz\u00e9s a k\u00f6z\u00f6ns\u00e9g r\u00e9sz\u00e9r\u0151l, hogy \u00f6r\u00fclnek nek\u00fcnk, szeretik ezt a zen\u00e9t \u00e9s sz\u00fcks\u00e9g\u00fck van erre a zenei ir\u00e1nyzatra, \u00e9s r\u00e1nk. Igyeksz\u00fcnk ezt az \u00e9lm\u00e9nyt az\u00f3ta is minden fell\u00e9p\u00e9s\u00fcnkkor \u00e1tadni a hallgat\u00f3s\u00e1gunknak.<\/span><\/span><\/span><\/p>\n<\/div>\n\t\t<\/div><div id=\"panel-215-0-0-1\" class=\"so-panel widget widget_media_image panel-last-child\" data-index=\"1\" ><img loading=\"lazy\" decoding=\"async\" width=\"960\" height=\"540\" src=\"https:\/\/friendsbigband.hu\/wp-content\/uploads\/2025\/01\/sacredc_lego2.jpg\" class=\"image wp-image-76  attachment-full size-full\" alt=\"\" style=\"max-width: 100%; height: auto;\" srcset=\"https:\/\/friendsbigband.hu\/wp-content\/uploads\/2025\/01\/sacredc_lego2.jpg 960w, https:\/\/friendsbigband.hu\/wp-content\/uploads\/2025\/01\/sacredc_lego2-300x169.jpg 300w, https:\/\/friendsbigband.hu\/wp-content\/uploads\/2025\/01\/sacredc_lego2-768x432.jpg 768w\" sizes=\"auto, (max-width: 960px) 100vw, 960px\" \/><\/div><\/div><div id=\"pgc-215-0-1\"  class=\"panel-grid-cell\" ><div id=\"panel-215-0-1-0\" class=\"so-panel widget widget_media_image panel-first-child\" data-index=\"2\" ><img loading=\"lazy\" decoding=\"async\" width=\"960\" height=\"540\" src=\"https:\/\/friendsbigband.hu\/wp-content\/uploads\/2025\/01\/sacredc_lego2.jpg\" class=\"image wp-image-76  attachment-full size-full\" alt=\"\" style=\"max-width: 100%; height: auto;\" srcset=\"https:\/\/friendsbigband.hu\/wp-content\/uploads\/2025\/01\/sacredc_lego2.jpg 960w, https:\/\/friendsbigband.hu\/wp-content\/uploads\/2025\/01\/sacredc_lego2-300x169.jpg 300w, https:\/\/friendsbigband.hu\/wp-content\/uploads\/2025\/01\/sacredc_lego2-768x432.jpg 768w\" sizes=\"auto, (max-width: 960px) 100vw, 960px\" \/><\/div><div id=\"panel-215-0-1-1\" class=\"so-panel widget widget_text panel-last-child\" data-index=\"3\" >\t\t\t<div class=\"textwidget\"><p align=\"left\"><span style=\"color: #000000;\"><span style=\"font-family: Arial, sans-serif;\"><span style=\"font-size: medium;\">Els\u0151 fell\u00e9p\u00e9s\u00fcnket k\u00f6vet\u0151en \u00e1lland\u00f3 r\u00e9sztvev\u0151i lett\u00fcnk Gy\u0151r \u00e9s a k\u00f6rnyez\u0151 telep\u00fcl\u00e9sek k\u00fcl\u00f6nf\u00e9le rendezv\u00e9nyeinek. Tal\u00e1n nem szer\u00e9nytelens\u00e9g azt mondani, hogy mindenhol sikert aratott a produkci\u00f3nk, ami sok mindennek k\u00f6sz\u00f6nhet\u0151, de legf\u0151k\u00e9pp annak a sok sz\u00ednvonalas \u00e9s odaad\u00f3 munk\u00e1nak, ami az\u00f3ta is jellemzi a zenekar \u00e9let\u00e9t.<\/span><\/span><\/span><\/p>\n<p align=\"left\"><span style=\"color: #000000;\"><span style=\"font-family: Arial, sans-serif;\"><span style=\"font-size: medium;\">Az els\u0151 igazi \u00e1tt\u00f6r\u00e9st a 2000. febru\u00e1r 24-\u00e9n tartott farsangi koncert\u00fcnk hozta, ahol is a V\u00e1rosh\u00e1za D\u00edszterme zs\u00fafol\u00e1sig megtelt! Sz\u00e1munkra ez volt az els\u0151 igazi visszajelz\u00e9s a k\u00f6z\u00f6ns\u00e9g r\u00e9sz\u00e9r\u0151l, hogy \u00f6r\u00fclnek nek\u00fcnk, szeretik ezt a zen\u00e9t \u00e9s sz\u00fcks\u00e9g\u00fck van erre a zenei ir\u00e1nyzatra, \u00e9s r\u00e1nk. Igyeksz\u00fcnk ezt az \u00e9lm\u00e9nyt az\u00f3ta is minden fell\u00e9p\u00e9s\u00fcnkkor \u00e1tadni a hallgat\u00f3s\u00e1gunknak.<\/span><\/span><\/span><\/p>\n<\/div>\n\t\t<\/div><\/div><\/div><\/div><div id=\"pg-215-1\"  class=\"panel-grid panel-has-style\" ><div class=\"siteorigin-panels-stretch panel-row-style panel-row-style-for-215-1\" data-stretch-type=\"full-width-stretch\" ><div id=\"pgc-215-1-0\"  class=\"panel-grid-cell\" ><div id=\"panel-215-1-0-0\" class=\"so-panel widget widget_text panel-first-child panel-last-child\" data-index=\"4\" >\t\t\t<div class=\"textwidget\"><p align=\"left\">Zenekarunk 2001. \u00f3ta egyes\u00fcletk\u00e9nt m\u0171k\u00f6dik. A big bandek f\u00e9nykora a\u00a0swing-korszak\u00a0volt, nagyj\u00e1b\u00f3l 1935-1945 k\u00f6z\u00f6tt. M\u0171sorunk egy r\u00e9sze ezt a korszakot id\u00e9zi. Ahogy b\u0151v\u00fclt a big bandek m\u0171sorpalett\u00e1ja, \u00fagy igyekezt\u00fcnk mi is a saj\u00e1t reperto\u00e1runkat sz\u00e9les\u00edteni. Az eltelt 19 \u00e9vben sorra l\u00e1ttuk vend\u00e9g\u00fcl a magyar jazz \u00e9let kiv\u00e1l\u00f3s\u00e1gait. Malek Ande\u00e1val, Micheller Myrtillel, Szolnoki P\u00e9terrel, T\u00f3th Ver\u00e1val, G\u00e1jer B\u00e1linttal t\u00f6bbsz\u00f6r is \u00e1llhattunk k\u00f6z\u00f6s sz\u00ednpadon. De \u00e9ppen ilyen nagy \u00f6r\u00f6m volt Mih\u00e1lyi R\u00e9k\u00e1val, Ferenczi Gy\u00f6rggyel, L\u00e1szl\u00f3 Boldizs\u00e1rral, Ny\u00e1ri K\u00e1rollyal egy\u00fctt dolgozni. Duke Ellington Sacred Cocert-je igazi gy\u00f6ngyszem volt sz\u00e1munkra, melyet a Richter J\u00e1nos Vegyeskarral \u00e9s Micheller Myrtillel adtunk el\u0151. 2012-ben r\u00e9szt vett\u00fcnk a lengyelorsz\u00e1gi Nowy Tomisl-ben megrendezett XVII.Big Band Fesztiv\u00e1lon, ahonnan a fesztiv\u00e1l K\u00fcl\u00f6nd\u00edj\u00e1val, \u00e9s a legjobb \u00e9nekesnek j\u00e1r\u00f3 d\u00edjjal t\u00e9rt\u00fcnk haza.<\/p>\n<\/div>\n\t\t<\/div><\/div><\/div><\/div><\/div>","protected":false},"excerpt":{"rendered":"<p> [&hellip;]<\/p>\n","protected":false},"author":1,"featured_media":0,"parent":0,"menu_order":0,"comment_status":"closed","ping_status":"closed","template":"","meta":{"footnotes":""},"class_list":["post-215","page","type-page","status-publish","hentry"],"_links":{"self":[{"href":"https:\/\/friendsbigband.hu\/index.php\/wp-json\/wp\/v2\/pages\/215","targetHints":{"allow":["GET"]}}],"collection":[{"href":"https:\/\/friendsbigband.hu\/index.php\/wp-json\/wp\/v2\/pages"}],"about":[{"href":"https:\/\/friendsbigband.hu\/index.php\/wp-json\/wp\/v2\/types\/page"}],"author":[{"embeddable":true,"href":"https:\/\/friendsbigband.hu\/index.php\/wp-json\/wp\/v2\/users\/1"}],"replies":[{"embeddable":true,"href":"https:\/\/friendsbigband.hu\/index.php\/wp-json\/wp\/v2\/comments?post=215"}],"version-history":[{"count":15,"href":"https:\/\/friendsbigband.hu\/index.php\/wp-json\/wp\/v2\/pages\/215\/revisions"}],"predecessor-version":[{"id":808,"href":"https:\/\/friendsbigband.hu\/index.php\/wp-json\/wp\/v2\/pages\/215\/revisions\/808"}],"wp:attachment":[{"href":"https:\/\/friendsbigband.hu\/index.php\/wp-json\/wp\/v2\/media?parent=215"}],"curies":[{"name":"wp","href":"https:\/\/api.w.org\/{rel}","templated":true}]}}